{"id":63776,"date":"2025-09-02T12:40:45","date_gmt":"2025-09-02T12:40:45","guid":{"rendered":"https:\/\/riff.is\/?post_type=tribe_events&#038;p=63776"},"modified":"2026-01-13T14:07:35","modified_gmt":"2026-01-13T14:07:35","slug":"bubblubio-pal-joey","status":"publish","type":"tribe_events","link":"https:\/\/riff.is\/pl\/event\/bubblubio-pal-joey\/","title":{"rendered":"Szampa\u0144ski Pokaz: Pal Joey"},"content":{"rendered":"<p>Kino Musuj\u0105ce to jedno z najbardziej efektownych wydarze\u0144 tegorocznego festiwalu RIFF, zorganizowane we wsp\u00f3\u0142pracy z Aztiq i Maison Wessman. To wiecz\u00f3r, podczas kt\u00f3rego wino, przyjaciele i film splataj\u0105 si\u0119 w wyj\u0105tkowe do\u015bwiadczenie szampa\u0144skiej zabawy w bankietowym stylu. Tego wieczoru odb\u0119dzie si\u0119 pokaz klasyka z 1957 roku, czyli\u00a0<i data-stringify-type=\"italic\">Pal Joey<\/i> fr\u00e1 \u00e1rinu 1957, \u00fear sem Frank Sinatra, Rita Hayworth og Kim Novak sk\u00edna \u00e1 skj\u00e1num.<\/p>\n<p>Einn af hei\u00f0ursgestum RIFF 2025, st\u00f3rstjarnan Kim Novak, hefur tilkynnt stj\u00f3rnendum Al\u00fej\u00f3\u00f0legrar kvikmyndah\u00e1t\u00ed\u00f0ar \u00ed Reykjav\u00edk a\u00f0 vegna \u00f3fyrirsj\u00e1anlegra orsaka ver\u00f0i h\u00fan \u00fev\u00ed mi\u00f0ur a\u00f0 breyta \u00e1\u00e6tlunum s\u00ednum var\u00f0andi komuna \u00e1 RIFF.<\/p>\n<p>Zapraszamy Was do przebrania si\u0119 w stylu filmu, wzniesienia kieliszka szampana i \u015bwi\u0119towania z nami magii kina na du\u017cym ekranie. Wiecz\u00f3r poprowadzi Snj\u00f3laug L\u00fa\u00f0v\u00edksd\u00f3ttir, a aktorka i piosenkarka, Sigr\u00ed\u00f0ur \u00c1sta, u\u015bwietni go wyst\u0119pem muzycznym na \u017cywo.<\/p>\n<p>W cenie biletu wliczony jest jeden kieliszek szampana, a przez ca\u0142y wiecz\u00f3r mo\u017cna r\u00f3wnie\u017c skorzysta\u0107 z innych pozycji w ofercie baru.<\/p>\n<p>&nbsp;<\/p>","protected":false},"excerpt":{"rendered":"<p>B\u00fabblub\u00ed\u00f3i\u00f0 er einn af gl\u00e6silegustu vi\u00f0bur\u00f0um RIFF \u00ed \u00e1r, sett saman \u00ed samstarfi vi\u00f0 Aztiq og Maison Wessman. \u00deetta er kv\u00f6ld \u00fear sem v\u00edn, vinir og kvikmyndir fl\u00e9ttast saman \u00ed [&hellip;]<\/p>\n","protected":false},"author":893,"featured_media":63820,"template":"","meta":{"_monsterinsights_skip_tracking":false,"_monsterinsights_sitenote_active":false,"_monsterinsights_sitenote_note":"","_monsterinsights_sitenote_category":0,"_price":"","_stock":"","_tribe_ticket_header":"","_tribe_default_ticket_provider":"","_tribe_ticket_capacity":"","_ticket_start_date":"","_ticket_end_date":"","_tribe_ticket_show_description":"","_tribe_ticket_show_not_going":false,"_tribe_ticket_use_global_stock":"","_tribe_ticket_global_stock_level":"","_global_stock_mode":"","_global_stock_cap":"","_tribe_rsvp_for_event":"","_tribe_ticket_going_count":"","_tribe_ticket_not_going_count":"","_tribe_tickets_list":"[]","_tribe_ticket_has_attendee_info_fields":false,"_tribe_events_status":"","_tribe_events_status_reason":"","footnotes":"","_tec_slr_enabled":"","_tec_slr_layout":""},"tags":[],"tribe_events_cat":[],"class_list":["post-63776","tribe_events","type-tribe_events","status-publish","has-post-thumbnail","hentry"],"ticketed":false,"_links":{"self":[{"href":"https:\/\/riff.is\/pl\/wp-json\/wp\/v2\/tribe_events\/63776","targetHints":{"allow":["GET"]}}],"collection":[{"href":"https:\/\/riff.is\/pl\/wp-json\/wp\/v2\/tribe_events"}],"about":[{"href":"https:\/\/riff.is\/pl\/wp-json\/wp\/v2\/types\/tribe_events"}],"author":[{"embeddable":true,"href":"https:\/\/riff.is\/pl\/wp-json\/wp\/v2\/users\/893"}],"version-history":[{"count":16,"href":"https:\/\/riff.is\/pl\/wp-json\/wp\/v2\/tribe_events\/63776\/revisions"}],"predecessor-version":[{"id":66100,"href":"https:\/\/riff.is\/pl\/wp-json\/wp\/v2\/tribe_events\/63776\/revisions\/66100"}],"wp:featuredmedia":[{"embeddable":true,"href":"https:\/\/riff.is\/pl\/wp-json\/wp\/v2\/media\/63820"}],"wp:attachment":[{"href":"https:\/\/riff.is\/pl\/wp-json\/wp\/v2\/media?parent=63776"}],"wp:term":[{"taxonomy":"post_tag","embeddable":true,"href":"https:\/\/riff.is\/pl\/wp-json\/wp\/v2\/tags?post=63776"},{"taxonomy":"tribe_events_cat","embeddable":true,"href":"https:\/\/riff.is\/pl\/wp-json\/wp\/v2\/tribe_events_cat?post=63776"}],"curies":[{"name":"wp","href":"https:\/\/api.w.org\/{rel}","templated":true}]}}